{"id":5084,"date":"2023-12-29T17:30:56","date_gmt":"2023-12-29T17:30:56","guid":{"rendered":"https:\/\/tretinoins.com\/crest-pro-health-sensitive-teeth-121g-feherito-fogkrem-feherito-fogkrem\/"},"modified":"2025-06-16T19:54:26","modified_gmt":"2025-06-16T17:54:26","slug":"crest-pro-health-sensitive-teeth-121g-feherito-fogkrem-feherito-fogkrem","status":"publish","type":"product","link":"https:\/\/tretinoins.com\/hu\/crest-pro-health-sensitive-teeth-121g-feherito-fogkrem-feherito-fogkrem\/","title":{"rendered":"Crest Pro-Health Sensitive Teeth 121g, fogfeh\u00e9r\u00edt\u0151 fogkr\u00e9m, feh\u00e9r\u00edt\u0151 fogkr\u00e9m"},"content":{"rendered":"<h1 data-pm-slice=\"1 1 []\" data-en-clipboard=\"true\">Mondjon b\u00facs\u00fat a fog\u00e9rz\u00e9kenys\u00e9gnek: Mi\u00e9rt \u00e9rdemes kipr\u00f3b\u00e1lnod a Crest Pro-Health Sensitive Teeth 121g feh\u00e9r\u00edt\u0151 fogkr\u00e9met!<\/h1>\n<div><b>SEO Meta-le\u00edr\u00e1s:<\/b> \u201eOlyan fogkr\u00e9met keresel, amely k\u00fczd a fog\u00e9rz\u00e9kenys\u00e9g ellen, mik\u00f6zben feh\u00e9r\u00edti a mosolyodat? Fedezze fel, hogy a Crest Pro-Health Sensitive Teeth 121g feh\u00e9r\u00edt\u0151 fogkr\u00e9m hogyan v\u00e1ltoztathatja meg sz\u00e1j\u00e1pol\u00e1si rutinj\u00e1t \u00f6r\u00f6kre!\u201d<\/div>\n<hr>\n<h2>Mi\u00e9rt \u00e9rdemli meg a mosolya a legjobbat<\/h2>\n<div>L\u00e1ssuk be &#8211; a mosolyunk az egyik els\u0151 dolog, amit az emberek \u00e9szrevesznek rajtunk, \u00e9s nem mindig k\u00f6nny\u0171 meg\u0151rizni, hogy ragyog\u00f3, eg\u00e9szs\u00e9ges \u00e9s f\u00e1jdalommentes legyen. Sokak sz\u00e1m\u00e1ra a fog\u00e9rz\u00e9kenys\u00e9g a leselked\u0151 nemezis. Ismeri a gyakorlatot: beleharap egy fagylaltos t\u00f6lcs\u00e9rbe vagy belekortyol egy cs\u00e9sze forr\u00f3 k\u00e1v\u00e9ba, \u00e9s BAM! Egy \u00e9les cs\u00edp\u00e9s hagyja a fogait kegyelem\u00e9rt k\u00f6ny\u00f6r\u00f6gni. Ismer\u0151sen hangzik? Nincs egyed\u00fcl. Emberek milli\u00f3i k\u00fczdenek \u00e9rz\u00e9keny fogakkal minden egyes nap.      <\/div>\n<div>Ha m\u00e1r belef\u00e1radt abba, hogy kedvenc fogaidra r\u00e1ngat\u00f3zol, vagy \u00fagy \u00e9rzed, hogy kompromisszumot kell k\u00f6tn\u00f6d a sz\u00e1jhigi\u00e9nia \u00e9s a fogfeh\u00e9r\u00edt\u0151 er\u0151 k\u00f6z\u00f6tt, ne agg\u00f3dj &#8211; megvan a megold\u00e1s. L\u00e9pj be a <b>Crest Pro-Health Sensitive Teeth 121g feh\u00e9r\u00edt\u0151 fogkr\u00e9mbe<\/b>! Igen, ez t\u00e9nyleg a multitasking h\u0151s, akire a mosolyod v\u00e1rt. Ebben a cikkben besz\u00e9l\u00fcnk arr\u00f3l, hogy mit\u0151l olyan k\u00fcl\u00f6nleges ez a fogkr\u00e9m, hogyan ragyogtatja fel gy\u00f6ngyh\u00e1zfeh\u00e9r fogaidat, \u00e9s mi\u00e9rt \u00e9rdemes v\u00e1ltanod. Maradj itt &#8211; a fogaid k\u00e9s\u0151bb megk\u00f6sz\u00f6nik majd!   <\/div>\n<hr>\n<h2>Mi okozza a fog\u00e9rz\u00e9kenys\u00e9get egy\u00e9bk\u00e9nt?<\/h2>\n<div>Miel\u0151tt belemer\u00fcln\u00e9nk ennek a fogkr\u00e9mnek a var\u00e1zslat\u00e1ba, bontsuk le, hogy val\u00f3j\u00e1ban mi okozza, hogy a fogaid f\u00e1jdalomriad\u00f3t f\u00fajnak. Spoiler: Nem csak a fagylalt miatt. <\/div>\n<h3>1.<\/h3>\n<h3><b>Zom\u00e1nc er\u00f3zi\u00f3<\/b><\/h3>\n<div>A fogak v\u00e9d\u0151bevonata &#8211; a zom\u00e1nc &#8211; v\u00e9di \u0151ket az irrit\u00e1l\u00f3 anyagokt\u00f3l. Id\u0151vel azonban az olyan dolgok, mint a savas \u00e9telek, az agressz\u00edv fogmos\u00e1s, vagy ak\u00e1r a rendszeres kop\u00e1s is elv\u00e9kony\u00edthatja ezt a zom\u00e1ncot, \u00edgy fogai ki vannak t\u00e9ve a h\u0151m\u00e9rs\u00e9klet-v\u00e1ltoz\u00e1soknak \u00e9s m\u00e1s kiv\u00e1lt\u00f3 t\u00e9nyez\u0151knek. <\/div>\n<h3>2.<\/h3>\n<h3><b>Fog\u00edny recesszi\u00f3<\/b><\/h3>\n<div>N\u00e9ha nem a fogzom\u00e1nc, hanem az \u00ednye lenget feh\u00e9r z\u00e1szl\u00f3t. A visszah\u00faz\u00f3d\u00f3 \u00edny felt\u00e1rja az \u00e9rz\u00e9kenyebb dentinr\u00e9teget, amely k\u00f6zvetlen csatorn\u00e1kat tartalmaz a fogidegekhez. <\/div>\n<h3>3.<\/h3>\n<h3><b>Fogfeh\u00e9r\u00edt\u0151 term\u00e9kek<\/b><\/h3>\n<div>Most itt van egy ironikus csavar: Sok feh\u00e9r\u00edt\u0151 term\u00e9kek odakint lehet, hogy a fogak m\u00e9g \u00e9rz\u00e9kenyebb a fogzom\u00e1nc tov\u00e1bbi lebont\u00e1s\u00e1val vagy irrit\u00e1lja az \u00ednyt. A j\u00f3 h\u00edr? Nem kell v\u00e1lasztanod a feh\u00e9r fogak \u00e9s a k\u00e9nyelem k\u00f6z\u00f6tt (spoiler alert: a <b>Crest Pro-Health Sensitive Teeth 121g feh\u00e9r\u00edt\u0151 fogkr\u00e9m<\/b> megoldja ezt!).  <\/div>\n<hr>\n<h2>Bemutatkozik a Crest Pro-Health Sensitive Teeth 121g<\/h2>\n<div>K\u00e9pzelj el egy olyan fogkr\u00e9met, amely nemcsak az \u00e9rz\u00e9kenys\u00e9get kezeli, hanem a fogaidat is feh\u00e9rebb\u00e9 \u00e9s er\u0151sebb\u00e9 teszi. Igen, err\u0151l sz\u00f3l a <b>Crest Pro-Health Sensitive Teeth 121g feh\u00e9r\u00edt\u0151 fogkr\u00e9m<\/b>. Ak\u00e1r a k\u00e1v\u00e9foltokat akarja elt\u00fcntetni, ak\u00e1r csak a fogzom\u00e1ncot szeretn\u00e9 meger\u0151s\u00edteni, \u00fagy tervezt\u00e9k, hogy megfeleljen a napi sz\u00e1j\u00e1pol\u00e1si ig\u00e9nyeinek.  <\/div>\n<h3><b>Mi\u00e9rt v\u00e1lassza a Crest Pro-Health Sensitive fogfeh\u00e9r\u00edt\u0151 fogkr\u00e9met?<\/b><\/h3>\n<div>Bontsuk le:<\/div>\n<ul>\n<li>\n<div><b>Kett\u0151s hat\u00e1s\u00fa formula<\/b>: A fogak akt\u00edv feh\u00e9r\u00edt\u00e9se mellett k\u00fczd az \u00e9rz\u00e9kenys\u00e9g ellen &#8211; kompromisszumok n\u00e9lk\u00fcl.<\/div>\n<\/li>\n<li>\n<div><b>Klinikailag bizony\u00edtott<\/b>: Szak\u00e9rt\u0151k \u00e1ltal al\u00e1t\u00e1masztottan cs\u00f6kkenti a zom\u00e1nc irrit\u00e1ci\u00f3j\u00e1t \u00e9s v\u00e9d a tov\u00e1bbi kop\u00e1s ellen.<\/div>\n<\/li>\n<li>\n<div><b>K\u00edm\u00e9letes feh\u00e9r\u00edt\u0151szerek<\/b>: Ez a fogfeh\u00e9r\u00edt\u0151 k\u00e9sz\u00edtm\u00e9nyt \u00fagy tervezt\u00e9k, hogy k\u00edm\u00e9lje az \u00e9rz\u00e9keny fogakat.<\/div>\n<\/li>\n<li>\n<div><b>Mindennapi frissess\u00e9g<\/b>: \u00c9s \u0151szint\u00e9n, ki ne szeretn\u00e9 a mentolos-friss bizalmat?).<\/div>\n<\/li>\n<\/ul>\n<hr>\n<h2>Hogyan m\u0171k\u00f6dik? A tudom\u00e1ny a mosoly m\u00f6g\u00f6tt <\/h2>\n<div>Most j\u00f6n a tudom\u00e1ny legapr\u00f3bb r\u00e9szlete &#8211; mert ez el\u00e9gg\u00e9 leny\u0171g\u00f6z\u0151!<\/div>\n<h3><b>1. K\u00e1lium-nitr\u00e1t a ment\u0151akci\u00f3hoz<\/b><\/h3>\n<div>A Crest formul\u00e1ja k\u00e1lium-nitr\u00e1tot haszn\u00e1l, egy er\u0151s, m\u00e9gis gyeng\u00e9d \u00f6sszetev\u0151t, amely megnyugtatja a fogak idegeit. Az\u00e1ltal, hogy megakad\u00e1lyozza, hogy a f\u00e1jdalomjelek eljussanak az agyba, ez a fogkr\u00e9m biztos\u00edtja, hogy gondolkod\u00e1s n\u00e9lk\u00fcl kortyolhassa el a reggeli k\u00e1v\u00e9j\u00e1t. <\/div>\n<h3><b>2. Meger\u0151s\u00edtett zom\u00e1nc p\u00e1nc\u00e9l<\/b><\/h3>\n<div>A fogkr\u00e9mben l\u00e9v\u0151 fluorid seg\u00edt a zom\u00e1nc \u00fajj\u00e1\u00e9p\u00edt\u00e9s\u00e9ben, id\u0151vel er\u0151sebb g\u00e1tat hozva l\u00e9tre, amely v\u00e9di az idegv\u00e9gz\u0151d\u00e9seket \u00e9s k\u00fczd a szuvasod\u00e1s ellen. Olyan, mint egy pajzs a fogaidnak! <\/div>\n<h3><b>3. Foltelt\u00e1vol\u00edt\u00f3 hat\u00e1s<\/b><\/h3>\n<div>Feh\u00e9r\u00edt\u0151 tulajdons\u00e1gai az \u00e9telek, italok \u00e9s m\u00e9g az \u00e9letkor \u00e1ltal okozott foltok ellen is seg\u00edtenek. B\u00f3nusz: mindezt an\u00e9lk\u00fcl teszi, hogy megkarcoln\u00e1 a fogzom\u00e1ncot &#8211; amit nem minden feh\u00e9r\u00edt\u0151 fogkr\u00e9m \u00edg\u00e9rhet. <\/div>\n<hr>\n<h2>Hogyan kell haszn\u00e1lni a Crest Pro-Health Sensitive Teeth 121g feh\u00e9r\u00edt\u0151 fogkr\u00e9met?<\/h2>\n<div>Megvetted a fogkr\u00e9met &#8211; most m\u00e1r var\u00e1zsoljunk bel\u0151le! \u00cdme n\u00e9h\u00e1ny tipp a hat\u00e9kony haszn\u00e1lat\u00e1hoz: <\/div>\n<ol>\n<li>\n<div><b>Haszn\u00e1lja a megfelel\u0151 mennyis\u00e9get:<\/b> Csak egy bors\u00f3nyi cseppre van sz\u00fcks\u00e9ged. Higgye el, egy kev\u00e9s is el\u00e9g! <\/div>\n<\/li>\n<li>\n<div><b>Napi k\u00e9tszer kef\u00e9ljen:<\/b> Reggel \u00e9s este &#8211; ne hagyd ki! A k\u00f6vetkezetess\u00e9g az eredm\u00e9nyek kulcsa. <\/div>\n<\/li>\n<li>\n<div><b>Tartsa be a 2 perces szab\u00e1lyt:<\/b> Minden alkalommal legal\u00e1bb k\u00e9t percig kef\u00e9ljen, hogy a fluoridnak legyen ideje kifejteni a hat\u00e1s\u00e1t.<\/div>\n<\/li>\n<li>\n<div><b>P\u00e1ros\u00edtsa puha fogkef\u00e9vel:<\/b> K\u00fcl\u00f6n\u00f6sen az \u00e9rz\u00e9keny fogak eset\u00e9ben a legjobbak a gyeng\u00e9d mozdulatok \u00e9s a puh\u00e1bb s\u00f6rt\u00e9k.<\/div>\n<\/li>\n<\/ol>\n<hr>\n<h2>Feh\u00e9r\u00edt\u00e9s kompromisszumok n\u00e9lk\u00fcl: Mi\u00e9rt jelent j\u00e1t\u00e9kv\u00e1lt\u00e1st az \u00e9rz\u00e9keny fogak sz\u00e1m\u00e1ra?<\/h2>\n<div>Rengeteg ember ker\u00fcli a fogfeh\u00e9r\u00edt\u0151 fogkr\u00e9meket, mert, legy\u00fcnk \u0151szint\u00e9k, a legt\u00f6bbj\u00fck az \u00e9rz\u00e9keny fogakat rosszabbnak \u00e9rzi, mint el\u0151tte. Ez az a pont, ahol a <b>Crest Pro-Health Sensitive Teeth 121g feh\u00e9r\u00edt\u0151 fogkr\u00e9m<\/b> nagyot nyer. <\/div>\n<div>Gyeng\u00e9d feh\u00e9r\u00edt\u0151 hat\u00f3anyagai id\u0151vel elt\u00e1vol\u00edtj\u00e1k a fel\u00fcleti foltokat an\u00e9lk\u00fcl, hogy egyes feh\u00e9r\u00edt\u0151 paszt\u00e1k durva, szemcs\u00e9s \u00e9rzetet kelten\u00e9nek. Ak\u00e1r a k\u00e1v\u00e9foltok ellen k\u00fczd, ak\u00e1r csak egy ragyog\u00f3bb mosolyt szeretne, ez a fogkr\u00e9m egyenletes \u00fctemben dolgozik, hogy \u00e9szrevehet\u0151 eredm\u00e9nyeket \u00e9rjen el irrit\u00e1ci\u00f3 n\u00e9lk\u00fcl. Nevezz\u00fck ezt a v\u00e9gs\u0151 gy\u0151zelemnek!  <\/div>\n<hr>\n<h2>Tippek a m\u00e9g eg\u00e9szs\u00e9gesebb mosoly\u00e9rt<\/h2>\n<div>A megfelel\u0151 fogkr\u00e9m haszn\u00e1lata az els\u0151 l\u00e9p\u00e9s, de van m\u00e9g m\u00e1s is, amit megtehet, hogy a fogak n\u00e9z ki, \u00e9s \u00fagy \u00e9rzi, a legjobb. \u00cdme n\u00e9h\u00e1ny b\u00f3nusz tan\u00e1cs: <\/div>\n<ul>\n<li>\n<div><b>Ker\u00fclje a savas \u00e9teleket \u00e9s italokat<\/b>: A citrusf\u00e9l\u00e9k, a sz\u00f3da \u00e9s a bor lehet, hogy finom, de nem zom\u00e1ncbar\u00e1t. Fogyaszt\u00e1suk ut\u00e1n pr\u00f3b\u00e1ljon meg v\u00edzzel \u00f6bl\u00edteni. <\/div>\n<\/li>\n<li>\n<div><b>Fogselyem naponta<\/b>: A fogkr\u00e9m nem k\u00e9pes kezelni a fogak k\u00f6z\u00f6tti r\u00e9seket &#8211; a fogselyemmel ez a feladat megoldhat\u00f3.<\/div>\n<\/li>\n<li>\n<div><b>Fogcsikorgat\u00e1s korl\u00e1toz\u00e1sa<\/b>: Ha \u00e9jszaka csikorgatja a fogait, besz\u00e9ljen fogorvos\u00e1val egy sz\u00e1jv\u00e9d\u0151r\u0151l. A fogcsikorgat\u00e1s puszt\u00edt\u00e1st v\u00e9gezhet a zom\u00e1ncban! <\/div>\n<\/li>\n<li>\n<div><b>Rendszeresen l\u00e1togassa meg a fogorvost<\/b>: Semmi sem jobb, mint a szakmai tan\u00e1csad\u00e1s az \u00d6n egyedi fog\u00e1szati ig\u00e9nyeihez.<\/div>\n<\/li>\n<\/ul>\n<hr>\n<h2>GYIK a Crest Pro-Health Sensitive Teeth 121g feh\u00e9r\u00edt\u0151 fogkr\u00e9mr\u0151l<\/h2>\n<div><b>1. Biztons\u00e1gos a napi haszn\u00e1latra?<\/b>  Abszol\u00fat! A Crest Pro-Health Sensitive fogfeh\u00e9r\u00edt\u0151 fogkr\u00e9met napi k\u00e9tszeri haszn\u00e1latra tervezt\u00e9k. Biztons\u00e1gos \u00e9s k\u00edm\u00e9letes az \u00e9rz\u00e9keny fogakhoz.  <\/div>\n<div><b>2. Mennyi id\u0151be telik, am\u00edg eredm\u00e9nyeket l\u00e1tok?<\/b>  M\u00e1r n\u00e9h\u00e1ny haszn\u00e1lat ut\u00e1n \u00e9szreveheti, hogy kev\u00e9sb\u00e9 \u00e9rz\u00e9keny, \u00e9s a rendszeres fogmos\u00e1s ut\u00e1n n\u00e9h\u00e1ny h\u00e9ten bel\u00fcl \u00e9szrevehet\u0151 a fogfeh\u00e9r\u00edt\u00e9s.<\/div>\n<div><b>3. A fogszuvasod\u00e1s ellen is harcolhat?<\/b>  Igen! Fluoridtartalm\u00e1nak k\u00f6sz\u00f6nhet\u0151en ez a fogkr\u00e9m seg\u00edt megel\u0151zni a szuvasod\u00e1st, er\u0151s\u00edti a fogzom\u00e1ncot, mik\u00f6zben cs\u00f6kkenti az \u00e9rz\u00e9kenys\u00e9get. <\/div>\n<div><b>4. Kifeh\u00e9r\u00edti a m\u00e9lyen elsz\u00ednez\u0151d\u00f6tt fogakat?<\/b>  B\u00e1r fantasztikusan alkalmas a felsz\u00edni foltok elt\u00e1vol\u00edt\u00e1s\u00e1ra, a legjobb fokozatos feh\u00e9r\u00edt\u00e9sre. M\u00e9lyen \u00fcl\u0151 foltok eset\u00e9n \u00e9rdemes lehet professzion\u00e1lis kezel\u00e9st ig\u00e9nybe venni. <\/div>\n<hr>\n<h2>V\u00e9gs\u0151 \u00edt\u00e9let: Meg kell v\u00e1s\u00e1rolnia a Crest Pro-Health Sensitive Teeth 121g feh\u00e9r\u00edt\u0151 fogkr\u00e9met?<\/h2>\n<div>Ha m\u00e1r belef\u00e1radt abba, hogy az \u00e9rz\u00e9kenys\u00e9g enyh\u00edt\u00e9se vagy a k\u00e1pr\u00e1zatos mosoly k\u00f6z\u00f6tt v\u00e1lasszon, mi\u00e9rt kellene megel\u00e9gednie? <b>A Crest Pro-Health Sensitive Teeth 121g fogfeh\u00e9r\u00edt\u0151 fogkr\u00e9m<\/b> mindk\u00e9t vil\u00e1gb\u00f3l a legjobbat ny\u00fajtja. A tudom\u00e1ny \u00e1ltal t\u00e1mogatott \u00e9s a fog\u00e1szati szakemberek \u00e1ltal megb\u00edzhat\u00f3, biztos m\u00f3dszer arra, hogy visszaadja mosoly\u00e1nak a ragyog\u00e1st, mik\u00f6zben az \u00e9rz\u00e9kenys\u00e9get t\u00e1vol tartja. <\/div>\n<div>Akkor mire v\u00e1rsz m\u00e9g? B\u00facs\u00fazzon el a hideg italok f\u00f6l\u00f6tt r\u00e1ngat\u00f3z\u00e1st\u00f3l, \u00e9s \u00fcdv\u00f6z\u00f6lje az eg\u00e9szs\u00e9gesen ragyog\u00f3 vigyort! <b>V\u00e1s\u00e1rolja meg a Crest Pro-Health Sensitive Teeth 121g feh\u00e9r\u00edt\u0151 fogkr\u00e9met<\/b> m\u00e9g ma, \u00e9s kezdje el \u00fajra szeretni a mosoly\u00e1t. <\/div>\n<hr>\n<div><i>A mosolyod az \u00f6nbizalmad &#8211; ne hagyd, hogy a fog\u00e9rz\u00e9kenys\u00e9g tomp\u00edtsa azt!<\/i><\/div>\n","protected":false},"excerpt":{"rendered":"<p>Olyan fogkr\u00e9met keres, amely k\u00fczd a fog\u00e9rz\u00e9kenys\u00e9g ellen, mik\u00f6zben feh\u00e9r\u00edti a mosoly\u00e1t? Fedezze fel, hogy a Crest Pro-Health Sensitive Teeth 121g feh\u00e9r\u00edt\u0151 fogkr\u00e9m hogyan v\u00e1ltoztathatja meg sz\u00e1j\u00e1pol\u00e1si rutinj\u00e1t \u00f6r\u00f6kre! <\/p>\n","protected":false},"featured_media":5086,"comment_status":"open","ping_status":"closed","template":"","meta":[],"product_cat":[208],"product_tag":[346,345,343,344],"class_list":{"0":"post-5084","1":"product","2":"type-product","3":"status-publish","4":"has-post-thumbnail","6":"product_cat-crest-fogkrem","7":"product_tag-crest-pro-health-hu","8":"product_tag-crest-pro-health-erzekeny-fogak","9":"product_tag-crest-pro-health-sensitive-fogak-121g","10":"product_tag-vasarlas-feherito-fogkrem","11":"pa_brands-crest-hu","13":"first","14":"instock","15":"taxable","16":"shipping-taxable","17":"purchasable","18":"product-type-simple"},"_links":{"self":[{"href":"https:\/\/tretinoins.com\/hu\/wp-json\/wp\/v2\/product\/5084","targetHints":{"allow":["GET"]}}],"collection":[{"href":"https:\/\/tretinoins.com\/hu\/wp-json\/wp\/v2\/product"}],"about":[{"href":"https:\/\/tretinoins.com\/hu\/wp-json\/wp\/v2\/types\/product"}],"replies":[{"embeddable":true,"href":"https:\/\/tretinoins.com\/hu\/wp-json\/wp\/v2\/comments?post=5084"}],"version-history":[{"count":2,"href":"https:\/\/tretinoins.com\/hu\/wp-json\/wp\/v2\/product\/5084\/revisions"}],"predecessor-version":[{"id":10111,"href":"https:\/\/tretinoins.com\/hu\/wp-json\/wp\/v2\/product\/5084\/revisions\/10111"}],"wp:featuredmedia":[{"embeddable":true,"href":"https:\/\/tretinoins.com\/hu\/wp-json\/wp\/v2\/media\/5086"}],"wp:attachment":[{"href":"https:\/\/tretinoins.com\/hu\/wp-json\/wp\/v2\/media?parent=5084"}],"wp:term":[{"taxonomy":"product_cat","embeddable":true,"href":"https:\/\/tretinoins.com\/hu\/wp-json\/wp\/v2\/product_cat?post=5084"},{"taxonomy":"product_tag","embeddable":true,"href":"https:\/\/tretinoins.com\/hu\/wp-json\/wp\/v2\/product_tag?post=5084"}],"curies":[{"name":"wp","href":"https:\/\/api.w.org\/{rel}","templated":true}]}}