{"id":5103,"date":"2023-12-29T00:07:43","date_gmt":"2023-12-28T22:07:43","guid":{"rendered":"https:\/\/tretinoins.com\/adatvedelmi-szabalyzat-es-gdpr\/"},"modified":"2024-07-11T15:18:31","modified_gmt":"2024-07-11T13:18:31","slug":"adatvedelmi-szabalyzat-es-gdpr","status":"publish","type":"page","link":"https:\/\/tretinoins.com\/hu\/adatvedelmi-szabalyzat-es-gdpr\/","title":{"rendered":"Adatv\u00e9delmi szab\u00e1lyzat \u00e9s GDPR"},"content":{"rendered":"\t\t<div data-elementor-type=\"wp-page\" data-elementor-id=\"5103\" class=\"elementor elementor-5103 elementor-3249\">\n\t\t\t\t<div class=\"elementor-element elementor-element-61009a6 e-flex e-con-boxed e-con e-parent\" data-id=\"61009a6\" data-element_type=\"container\">\n\t\t\t\t\t<div class=\"e-con-inner\">\n\t\t\t\t<div class=\"elementor-element elementor-element-5337798 elementor-widget elementor-widget-text-editor\" data-id=\"5337798\" data-element_type=\"widget\" data-widget_type=\"text-editor.default\">\n\t\t\t\t<div class=\"elementor-widget-container\">\n\t\t\t\t\t\t\t\t\t<p><strong>Adatv\u00e9delmi szab\u00e1lyzat, GDPR<\/strong><\/p>\n<p>A szervezet www.tretinoins.com tiszt\u00e1ban van az \u00d6n adatainak fontoss\u00e1g\u00e1val, \u00e9s elk\u00f6telezi mag\u00e1t az \u00d6n adatainak v\u00e9delme \u00e9s biztons\u00e1ga mellett. Ez\u00e9rt elengedhetetlen sz\u00e1munkra, hogy az al\u00e1bbiakban felsorolt c\u00e9lokra vonatkoz\u00f3 szem\u00e9lyes adatok feldolgoz\u00e1s\u00e1val kapcsolatos inform\u00e1ci\u00f3kat integr\u00e1ltan \u00e9s gyakorlatiasan adjuk meg, az al\u00e1bbiakban felsorolt c\u00e9lokra vonatkoz\u00f3 szem\u00e9lyes adatok feldolgoz\u00e1s\u00e1ra vonatkoz\u00f3 szab\u00e1lyzaton bel\u00fcl \u00d6nt, mint \u00e9rintetteket (a tretinoins.com weboldal felhaszn\u00e1l\u00f3i, \u00fcgyfelek, potenci\u00e1lis \u00fcgyfelek, fogyaszt\u00f3k, potenci\u00e1lis fogyaszt\u00f3k, alkalmazottak, volt alkalmazottak) megsz\u00f3l\u00edtva.<\/p>\n<p>Ez a szab\u00e1lyzat a tretinoins.com el\u00e9r\u00e9s\u00e9hez haszn\u00e1lt valamennyi eszk\u00f6zre vonatkozik, bele\u00e9rtve az okostelefonokat \u00e9s a t\u00e1blag\u00e9peket is. Ha nem \u00e9rt egyet a haszn\u00e1latukkal kapcsolatos felt\u00e9telekkel (amint az ebben a dokumentumban a szem\u00e9lyes adatok v\u00e9delm\u00e9r\u0151l, valamint az \u00e1ltal\u00e1nos felt\u00e9telekhez \u00e9s az adatv\u00e9delmi szab\u00e1lyzathoz kapcsol\u00f3d\u00f3 dokumentumokban a bizalmas inform\u00e1ci\u00f3kr\u00f3l, a szerz\u0151i jogr\u00f3l stb. szerepel), k\u00e9rj\u00fck, ne haszn\u00e1lja a tretinoins.com webhelyet.<\/p>\n<p>Az Eur\u00f3pai Uni\u00f3 679\/2016. sz. \u00e1ltal\u00e1nos adatv\u00e9delmi rendelet\u00e9nek, az \u00fagynevezett &#8222;rendeletnek&#8221; megfelel\u0151en, amelynek c\u00e9lja az egy\u00e9nek v\u00e9delme a szem\u00e9lyes adatok feldolgoz\u00e1sa \u00e9s az ilyen adatok szabad \u00e1raml\u00e1sa tekintet\u00e9ben, a tretinoins.com biztons\u00e1gosan \u00e9s kiz\u00e1r\u00f3lag a meghat\u00e1rozott c\u00e9lokra kezeli az \u00d6n \u00e1ltal megadott szem\u00e9lyes adatokat a weboldalon tett l\u00e1togat\u00e1sa \u00e9s az online \u00e9rt\u00e9kes\u00edtett term\u00e9kek megv\u00e1s\u00e1rl\u00e1sa sor\u00e1n.<\/p>\n<p>Az \u00c1ltal\u00e1nos Felt\u00e9telek \u00e9s a Szem\u00e9lyes Adatkezel\u00e9si Szab\u00e1lyzat elfogad\u00e1s\u00e1ra vonatkoz\u00f3 opci\u00f3 kiv\u00e1laszt\u00e1s\u00e1val, vagy adott esetben azzal, hogy a jelen szab\u00e1lyzat elolvas\u00e1sa ut\u00e1n tov\u00e1bbra is haszn\u00e1lja weboldalunkat \u00e9s szolg\u00e1ltat\u00e1sainkat, \u00d6n meger\u0151s\u00edti, hogy beleegyez\u00e9s\u00e9t adja a jelen Szem\u00e9lyes Adatkezel\u00e9si Szab\u00e1lyzathoz.<\/p>\n<p><strong>Az \u00d6n szem\u00e9lyes adatainak gy\u0171jt\u00e9s\u00e9nek \u00e9s feldolgoz\u00e1s\u00e1nak c\u00e9ljai<\/strong><\/p>\n<p>A tretinoins.com a k\u00f6vetkez\u0151 c\u00e9lokb\u00f3l gy\u0171jti \u00e9s dolgozza fel az \u00d6n szem\u00e9lyes adatait:<\/p>\n<ul>\n<li>A www.tretinoins.com weboldalon k\u00edn\u00e1lt szolg\u00e1ltat\u00e1sok \u00e9s term\u00e9kek adminisztr\u00e1ci\u00f3ja, fejleszt\u00e9se \u00e9s biztos\u00edt\u00e1sa.<\/li>\n<li>A term\u00e9kek \u00e9rt\u00e9kes\u00edt\u00e9s\u00e9vel kapcsolatos kereskedelmi tev\u00e9kenys\u00e9gek v\u00e9gz\u00e9se, bele\u00e9rtve ezen \u00e9rt\u00e9kes\u00edt\u00e9sek megval\u00f3s\u00edt\u00e1s\u00e1t, adminisztr\u00e1ci\u00f3j\u00e1t \u00e9s fejleszt\u00e9s\u00e9t, valamint a statisztik\u00e1k elv\u00e9gz\u00e9s\u00e9t.<\/li>\n<li>Rekl\u00e1m, marketing \u00e9s rekl\u00e1mtev\u00e9kenys\u00e9gek, bele\u00e9rtve a tretinoins.com weboldalon tal\u00e1lhat\u00f3 term\u00e9kek n\u00e9pszer\u0171s\u00edt\u00e9s\u00e9t, prom\u00f3ci\u00f3s kamp\u00e1nyok lebonyol\u00edt\u00e1s\u00e1t, h\u00edrlevelek k\u00fcld\u00e9s\u00e9t, az elad\u00e1sok \u00e9s a fogyaszt\u00f3i magatart\u00e1s nyomon k\u00f6vet\u00e9s\u00e9t \u00e9s ellen\u0151rz\u00e9s\u00e9t.<\/li>\n<li>Az \u00e9rt\u00e9kes\u00edt\u00e9s ut\u00e1ni tev\u00e9kenys\u00e9gek, bele\u00e9rtve az \u00fcgyf\u00e9lkapcsolati szolg\u00e1ltat\u00e1sok ny\u00fajt\u00e1s\u00e1t, a felhaszn\u00e1l\u00f3k \u00e9s \u00fcgyfelek t\u00e1j\u00e9koztat\u00e1s\u00e1t a k\u00edn\u00e1lt term\u00e9kek \u00e9rt\u00e9kel\u00e9s\u00e9r\u0151l (bele\u00e9rtve a tretinoins.com oldalon tal\u00e1lhat\u00f3 term\u00e9kek \u00e9rt\u00e9kel\u00e9s\u00e9t), a k\u00e9rd\u00e9seket, a term\u00e9kvisszaszolg\u00e1ltat\u00e1ssal vagy -cser\u00e9vel kapcsolatos helyzeteket.<\/li>\n<li>A fent eml\u00edtett tev\u00e9kenys\u00e9gekkel kapcsolatos bizony\u00edt\u00e1si c\u00e9lokra \u00e9s archiv\u00e1l\u00e1si c\u00e9lokra.<\/li>\n<\/ul>\n<p>A fent eml\u00edtett c\u00e9lok el\u00e9r\u00e9se \u00e9rdek\u00e9ben a tretinoins.com a szem\u00e9lyes adatok k\u00f6vetkez\u0151 kateg\u00f3ri\u00e1it gy\u0171jti \u00e9s dolgozza fel:<\/p>\n<p><strong>A tretinoins.com oldalon tal\u00e1lhat\u00f3 szolg\u00e1ltat\u00e1sok \u00e9s term\u00e9kek adminisztr\u00e1ci\u00f3j\u00e1val, fejleszt\u00e9s\u00e9vel \u00e9s ny\u00fajt\u00e1s\u00e1val kapcsolatban:<\/strong><\/p>\n<ul>\n<li>N\u00e9v, vezet\u00e9kn\u00e9v, c\u00edm (lak\u00f3hely\/tart\u00f3zkod\u00e1si hely), e-mail c\u00edm.<\/li>\n<li>A l\u00e1togat\u00f3 eszk\u00f6z\u00e9re vonatkoz\u00f3 technikai inform\u00e1ci\u00f3k, p\u00e9ld\u00e1ul a hely, az IP-c\u00edm, a hardvereszk\u00f6z t\u00edpusa.<\/li>\n<li>A tretinoins.com weboldal haszn\u00e1lat\u00e1nak id\u0151intervallum\u00e1ra \u00e9s id\u0151pontj\u00e1ra vonatkoz\u00f3 adatok.<\/li>\n<li>Egy\u00e9b, s\u00fctik seg\u00edts\u00e9g\u00e9vel szerzett inform\u00e1ci\u00f3k. A s\u00fctikkel kapcsolatos tov\u00e1bbi inform\u00e1ci\u00f3k\u00e9rt k\u00e9rj\u00fck, olvassa el a weboldalon tal\u00e1lhat\u00f3 S\u00fctikre vonatkoz\u00f3 szab\u00e1lyzatot.<\/li>\n<\/ul>\n<p><strong>A term\u00e9kek \u00e9rt\u00e9kes\u00edt\u00e9s\u00e9vel kapcsolatos kereskedelmi tev\u00e9kenys\u00e9gek v\u00e9gz\u00e9se tekintet\u00e9ben a www.tretinoins.com oldalon tal\u00e1lhat\u00f3 piackutat\u00e1s \u00e9s statisztik\u00e1k:<\/strong><\/p>\n<ul>\n<li>N\u00e9v, vezet\u00e9kn\u00e9v, c\u00edm (lak\u00f3hely\/lak\u00f3hely), telefonsz\u00e1m, e-mail c\u00edm.<\/li>\n<li>Sz\u00e1ll\u00edt\u00e1si c\u00edmek.<\/li>\n<\/ul>\n<p><strong>A rekl\u00e1moz\u00e1s, marketing \u00e9s rekl\u00e1moz\u00e1s tekintet\u00e9ben, bele\u00e9rtve a tretinoins.com weboldalon tal\u00e1lhat\u00f3 term\u00e9kek n\u00e9pszer\u0171s\u00edt\u00e9s\u00e9t, prom\u00f3ci\u00f3s kamp\u00e1nyok lebonyol\u00edt\u00e1s\u00e1t, h\u00edrlevelek k\u00fcld\u00e9s\u00e9t, az elad\u00e1sok \u00e9s a fogyaszt\u00f3i magatart\u00e1s nyomon k\u00f6vet\u00e9s\u00e9t \u00e9s ellen\u0151rz\u00e9s\u00e9t:<\/strong><\/p>\n<ul>\n<li>El\u0151- \u00e9s ut\u00f3n\u00e9v, telefon-\/faxsz\u00e1m, e-mail c\u00edm, c\u00edm (lak\u00f3hely\/lak\u00f3hely).<\/li>\n<li>El\u0151ny\u00f6k\/szok\u00e1sok\/viselked\u00e9s.<\/li>\n<\/ul>\n<p>Az <strong>\u00e9rt\u00e9kes\u00edt\u00e9s ut\u00e1ni tev\u00e9kenys\u00e9gek tekintet\u00e9ben, bele\u00e9rtve az \u00fcgyf\u00e9lkapcsolati szolg\u00e1ltat\u00e1sokat, a felhaszn\u00e1l\u00f3k\/\u00fcgyfelek t\u00e1j\u00e9koztat\u00e1s\u00e1t<\/strong> a tretinoins.<strong>com-on tal\u00e1lhat\u00f3 term\u00e9kek \u00e9rt\u00e9kel\u00e9s\u00e9r\u0151l<\/strong>, a<strong> term\u00e9kvisszav\u00e9tellel vagy -cser\u00e9vel kapcsolatos k\u00e9rd\u00e9seket:<\/strong><\/p>\n<ul>\n<li>El\u0151- \u00e9s ut\u00f3n\u00e9v, telefon-\/faxsz\u00e1m, e-mail c\u00edm, c\u00edm (lak\u00f3hely\/lak\u00f3hely).<\/li>\n<li>Hang, preferenci\u00e1k\/szok\u00e1sok\/viselked\u00e9s.<\/li>\n<li>Az \u00fcgyfelek \u00e1ltal v\u00e9gzett term\u00e9k\u00e9rt\u00e9kel\u00e9sekb\u0151l sz\u00e1rmaz\u00f3 egy\u00e9b adatok.<\/li>\n<\/ul>\n<p><strong>Bizony\u00edt\u00e1si \u00e9s archiv\u00e1l\u00e1si c\u00e9lokra:<\/strong><\/p>\n<ul>\n<li>A fent eml\u00edtett szem\u00e9lyes adatok t\u00e1rol\u00e1sa az elv\u00e9gzett tev\u00e9kenys\u00e9gekkel kapcsolatos nyilv\u00e1ntart\u00e1sok vezet\u00e9se c\u00e9lj\u00e1b\u00f3l.<\/li>\n<li>Jogok v\u00e9delme a b\u00edr\u00f3s\u00e1g el\u0151tt \u00e9s egy\u00e9b jogok gyakorl\u00e1sa a jogszab\u00e1lyoknak \u00e9s a megk\u00f6t\u00f6tt szerz\u0151d\u00e9seknek megfelel\u0151en.<\/li>\n<li>Az esetleges archiv\u00e1l\u00e1si k\u00f6vetelm\u00e9nyek teljes\u00edt\u00e9se a jogszab\u00e1lyi el\u0151\u00edr\u00e1soknak megfelel\u0151en.<\/li>\n<\/ul>\n<p>A k\u00fcl\u00f6nleges v\u00e9delmet \u00e9lvez\u0151 szem\u00e9lyes adatok, mint p\u00e9ld\u00e1ul a szem\u00e9lyi azonos\u00edt\u00f3 sz\u00e1m, a szem\u00e9lyazonos\u00edt\u00f3 okm\u00e1ny sorozata \u00e9s sz\u00e1ma, nem ker\u00fclnek begy\u0171jt\u00e9sre.<\/p>\n<p>A fent eml\u00edtett c\u00e9lok k\u00f6z\u00fcl egy vagy t\u00f6bb el\u00e9r\u00e9se \u00e9rdek\u00e9ben a tretinoins.com az \u00d6n szem\u00e9lyes adatait a k\u00f6vetkez\u0151 kateg\u00f3ri\u00e1kba tartoz\u00f3 c\u00edmzettek sz\u00e1m\u00e1ra tov\u00e1bb\u00edthatja:<\/p>\n<ul>\n<li>A tretinoins.com szerz\u0151d\u00e9ses partnerei: A tretinoins.com szerz\u0151d\u00e9ses partnerei: Ide tartoznak azok a v\u00e1llalatok, amelyekkel a tretinoins.com egy\u00fcttm\u0171k\u00f6dik. A k\u00f6zz\u00e9t\u00e9telre egy titoktart\u00e1si meg\u00e1llapod\u00e1s alapj\u00e1n ker\u00fcl sor, amely biztos\u00edtja az adatv\u00e9delmet \u00e9s a hat\u00e1lyos jogszab\u00e1lyoknak val\u00f3 megfelel\u00e9st.<\/li>\n<li>Szolg\u00e1ltat\u00f3k: Ez mag\u00e1ban foglalja a marketingszolg\u00e1ltat\u00e1sokat, banki szolg\u00e1ltat\u00e1sokat, fut\u00e1rszolg\u00e1latokat vagy egy\u00e9b szolg\u00e1ltat\u00e1sokat ny\u00fajt\u00f3 szervezeteket, valamint a tretinoins.com-ot adatfeldolgoz\u00f3k\u00e9nt az adatfeldolgoz\u00e1sban seg\u00edt\u0151 szervezeteket.<\/li>\n<li>Hat\u00f3s\u00e1gok: Ez olyan int\u00e9zm\u00e9nyekre vonatkozik, mint az \u00fcgy\u00e9szs\u00e9g, a rend\u0151rs\u00e9g, a b\u00edr\u00f3s\u00e1gok \u00e9s m\u00e1s \u00e1llami hat\u00f3s\u00e1gok, a jogszab\u00e1lyi rendelkez\u00e9seknek megfelel\u0151en vagy kifejezetten megfogalmazott megkeres\u00e9sre.<\/li>\n<li>A tretinoins.com-mal azonos csoportba tartoz\u00f3 egy\u00e9b v\u00e1llalatok: A hat\u00e1lyos jogszab\u00e1lyokkal \u00f6sszhangban \u00e9s a rendelet 15. cikke szerinti hozz\u00e1f\u00e9r\u00e9si jog\u00e1nak gyakorl\u00e1s\u00e1val \u00f6sszef\u00fcgg\u00e9sben ker\u00fclhet sor a nyilv\u00e1noss\u00e1gra hozatalra.<\/li>\n<li>\u00d6n mint \u00e9rintett: A rendelet 15. cikke szerinti hozz\u00e1f\u00e9r\u00e9si jog\u00e1nak gyakorl\u00e1s\u00e1val \u00f6sszef\u00fcgg\u00e9sben \u00d6nre mint \u00e9rintettre vonatkozik.<\/li>\n<\/ul>\n<p>Fontos megjegyezni, hogy a tretinoins.com \u00e1ltal r\u00f6gz\u00edtett adatokat nem adjuk el harmadik f\u00e9lnek, \u00e9s kiz\u00e1r\u00f3lag a tretinoins.com \u00e1ltal k\u00edn\u00e1lt szolg\u00e1ltat\u00e1sok jav\u00edt\u00e1s\u00e1ra haszn\u00e1ljuk fel.<\/p>\n<p>A jelen szab\u00e1lyzat elolvas\u00e1s\u00e1val \u00d6n biztos\u00edtja, hogy tiszt\u00e1ban van a rendelet \u00e1ltal biztos\u00edtott jogokkal, mint p\u00e9ld\u00e1ul:<\/p>\n<ul>\n<li>A szem\u00e9lyes adatok feldolgoz\u00e1s\u00e1ra vonatkoz\u00f3 inform\u00e1ci\u00f3k: A rendelet 13. \u00e9s 14. cikke.<\/li>\n<li>Hozz\u00e1f\u00e9r\u00e9s a szem\u00e9lyes adatokhoz: A rendelet 15. cikke.<\/li>\n<li>A szem\u00e9lyes adatok helyesb\u00edt\u00e9se: A rendelet 16. cikke.<\/li>\n<li>A szem\u00e9lyes adatok t\u00f6rl\u00e9se (&#8222;elfeledtet\u00e9shez val\u00f3 jog&#8221;): A rendelet 17. cikke.<\/li>\n<li>Az adatkezel\u00e9s korl\u00e1toz\u00e1s\u00e1nak megszerz\u00e9se: A rendelet 18. cikke.<\/li>\n<li>Adathordozhat\u00f3s\u00e1g: A rendelet 20. cikke.<\/li>\n<li>Tiltakoz\u00e1s a szem\u00e9lyes adatok feldolgoz\u00e1sa ellen: A rendelet 21. cikke, bele\u00e9rtve a k\u00f6zvetlen \u00fczletszerz\u00e9s c\u00e9lj\u00e1b\u00f3l t\u00f6rt\u00e9n\u0151 adatkezel\u00e9st is.<\/li>\n<li>Nem lehet automatiz\u00e1lt egyedi d\u00f6nt\u00e9s t\u00e1rgya: A rendelet 22. cikke.<\/li>\n<li>Panasz beny\u00fajt\u00e1sa az ANSPDCP fel\u00fcgyeleti hat\u00f3s\u00e1ghoz: a rendelet 77. cikke.<\/li>\n<li>A b\u00edr\u00f3s\u00e1ghoz fordul\u00e1s a jogszab\u00e1lyok megs\u00e9rt\u00e9se eset\u00e9n: A rendelet 78-79. cikkei.<\/li>\n<\/ul>\n<p>E jogok gyakorl\u00e1s\u00e1hoz e-mailt k\u00fcldhet a tretinoins.com-nak a www.tretinoins.com\/contact c\u00edmen el\u00e9rhet\u0151 kapcsolatfelv\u00e9teli \u0171rlapon kereszt\u00fcl.\u00d6n tov\u00e1bb\u00e1 b\u00e1rmikor \u00e9s indokl\u00e1s n\u00e9lk\u00fcl tiltakozhat szem\u00e9lyes adatainak k\u00f6zvetlen marketing c\u00e9l\u00fa feldolgoz\u00e1sa ellen, ha k\u00e9relmet ny\u00fajt be a tretinoins.com-hoz a www.tretinoins.com\/contact c\u00edmen el\u00e9rhet\u0151 kapcsolatfelv\u00e9teli \u0171rlapon kereszt\u00fcl, vagy ha \u00edr\u00e1sbeli, d\u00e1tummal ell\u00e1tott \u00e9s al\u00e1\u00edrt k\u00e9relmet k\u00fcld a contact@tretinoins.com c\u00edmre. \u00d6n visszaigazol\u00e1st kap az opci\u00f3 regisztr\u00e1l\u00e1s\u00e1r\u00f3l, valamint minden egy\u00e9b vonatkoz\u00f3 inform\u00e1ci\u00f3t.<\/p>\n<p><strong>Kiskor\u00faakra vonatkoz\u00f3 k\u00fcl\u00f6nleges rendelkez\u00e9sek<\/strong><\/p>\n<p>A tretinoins.com adatfeldolgoz\u00e1si tev\u00e9kenys\u00e9gei sor\u00e1n nem c\u00e9lozza kiskor\u00faak szem\u00e9lyes adatainak feldolgoz\u00e1s\u00e1t. K\u00fcl\u00f6n\u00f6s figyelmet ford\u00edtunk annak biztos\u00edt\u00e1s\u00e1ra, hogy a kiskor\u00faak szem\u00e9lyes adatainak feldolgoz\u00e1sa megfeleljen a rendelet 8. cikke szerinti k\u00f6vetelm\u00e9nyeknek, \u00e9s csak szigor\u00faan meghat\u00e1rozott esetekben t\u00f6rt\u00e9njen.<\/p>\n<p>A Tretinoins.com nem folytat k\u00f6zvetlen marketing prom\u00f3ci\u00f3s tev\u00e9kenys\u00e9get kiskor\u00faak sz\u00e1m\u00e1ra.<\/p>\n<p>A 14 \u00e9v alatti kiskor\u00faak nem ig\u00e9nyelhetnek szolg\u00e1ltat\u00e1sokat, vagy semmilyen m\u00f3don nem l\u00e9phetnek kapcsolatba a tretinoins.com oldalon, nem vehetnek r\u00e9szt a tretinoins.com \u00e1ltal szervezett versenyeken vagy kamp\u00e1nyokban, kiv\u00e9ve, ha ezt a kiskor\u00fa nev\u00e9ben a t\u00f6rv\u00e9nyes k\u00e9pvisel\u0151je vagy gy\u00e1mja teszi a t\u00f6rv\u00e9nynek megfelel\u0151en.<\/p>\n<p>A 14. \u00e9let\u00e9v\u00fcket bet\u00f6lt\u00f6tt kiskor\u00faak csak a t\u00f6rv\u00e9nyes k\u00e9pvisel\u0151 vagy gy\u00e1m beleegyez\u00e9s\u00e9vel v\u00e1s\u00e1rolhatnak term\u00e9keket, k\u00e9rhetnek \u00e9s kaphatnak kommunik\u00e1ci\u00f3t a tretinoins.com-t\u00f3l a t\u00f6rv\u00e9nyeknek megfelel\u0151en.<\/p>\n<p>B\u00e1rmely szem\u00e9ly, aki a weboldalon vagy a jelen szab\u00e1lyzat hat\u00e1lya al\u00e1 tartoz\u00f3 egy\u00e9b alkalmaz\u00e1sokon vagy eszk\u00f6z\u00f6k\u00f6n kereszt\u00fcl szem\u00e9lyes adatokat ad meg, meger\u0151s\u00edti, hogy nagykor\u00fa vagy teljes cselekv\u0151k\u00e9pess\u00e9ggel rendelkezik.<\/p>\n<p>A kiskor\u00faak szem\u00e9lyes adatainak gy\u0171jt\u00e9se vagy feldolgoz\u00e1sa kiz\u00e1r\u00f3lag a t\u00f6rv\u00e9nyeknek megfelel\u0151en \u00e9s a fenti rendelkez\u00e9sek figyelembev\u00e9tel\u00e9vel t\u00f6rt\u00e9nik.<\/p>\n<p><strong>Az adatfeldolgoz\u00e1s id\u0151tartama<\/strong><\/p>\n<p>Az adatkezel\u00e9s id\u0151tartam\u00e1t \u00e1ltal\u00e1ban a 679\/2016\/EU rendelet 21. cikk\u00e9nek (2) bekezd\u00e9se szerinti tiltakoz\u00e1si jog\u00e1nak gyakorl\u00e1s\u00e1nak id\u0151pontja hat\u00e1rozza meg. Kiv\u00e9telt k\u00e9peznek a call center szolg\u00e1ltat\u00e1s keret\u00e9ben szolg\u00e1ltatott adatok, amelyek feldolgoz\u00e1si id\u0151tartama \u00e1ltal\u00e1ban 3 \u00e9v, vagy a tiltakoz\u00e1shoz val\u00f3 jog gyakorl\u00e1s\u00e1ig. A tretinoins.com emellett bizony\u00edt\u00e9kk\u00e9nt \u00e9s archiv\u00e1l\u00e1s c\u00e9lj\u00e1b\u00f3l hosszabb ideig is meg\u0151rizheti a szem\u00e9lyes adatokat.<\/p>\n\t\t\t\t\t\t\t\t<\/div>\n\t\t\t\t<\/div>\n\t\t\t\t\t<\/div>\n\t\t\t\t<\/div>\n\t\t\t\t<\/div>\n\t\t","protected":false},"excerpt":{"rendered":"<p>Adatv\u00e9delmi szab\u00e1lyzat, GDPR A szervezet www.tretinoins.com tiszt\u00e1ban van az \u00d6n adatainak fontoss\u00e1g\u00e1val, \u00e9s elk\u00f6telezi mag\u00e1t az \u00d6n adatainak v\u00e9delme \u00e9s biztons\u00e1ga mellett.&hellip;<\/p>\n","protected":false},"author":1,"featured_media":0,"parent":0,"menu_order":0,"comment_status":"closed","ping_status":"closed","template":"","meta":{"footnotes":""},"class_list":["post-5103","page","type-page","status-publish","hentry"],"_links":{"self":[{"href":"https:\/\/tretinoins.com\/hu\/wp-json\/wp\/v2\/pages\/5103","targetHints":{"allow":["GET"]}}],"collection":[{"href":"https:\/\/tretinoins.com\/hu\/wp-json\/wp\/v2\/pages"}],"about":[{"href":"https:\/\/tretinoins.com\/hu\/wp-json\/wp\/v2\/types\/page"}],"author":[{"embeddable":true,"href":"https:\/\/tretinoins.com\/hu\/wp-json\/wp\/v2\/users\/1"}],"replies":[{"embeddable":true,"href":"https:\/\/tretinoins.com\/hu\/wp-json\/wp\/v2\/comments?post=5103"}],"version-history":[{"count":1,"href":"https:\/\/tretinoins.com\/hu\/wp-json\/wp\/v2\/pages\/5103\/revisions"}],"predecessor-version":[{"id":5105,"href":"https:\/\/tretinoins.com\/hu\/wp-json\/wp\/v2\/pages\/5103\/revisions\/5105"}],"wp:attachment":[{"href":"https:\/\/tretinoins.com\/hu\/wp-json\/wp\/v2\/media?parent=5103"}],"curies":[{"name":"wp","href":"https:\/\/api.w.org\/{rel}","templated":true}]}}